{"id":3229,"date":"2024-03-08T07:58:25","date_gmt":"2024-03-08T07:58:25","guid":{"rendered":"https:\/\/lacasadelperdon.com\/?post_type=ufaq&#038;p=3229"},"modified":"2024-03-08T07:58:27","modified_gmt":"2024-03-08T07:58:27","slug":"que-debo-llevar-al-retiro","status":"publish","type":"ufaq","link":"https:\/\/lacasadelperdon.com\/index.php\/ufaq\/que-debo-llevar-al-retiro\/","title":{"rendered":"\u00bfQu\u00e9 debo llevar al retiro?"},"content":{"rendered":"<div  class=\"ewd-ufaq-faq-list ewd-ufaq-page-type-distinct\" id='ewd-ufaq-faq-list'>\n\n\t<input type='hidden' name='show_on_load' value='' id='ewd-ufaq-show-on-load' \/>\n<input type='hidden' name='include_category' value='' id='ewd-ufaq-include-category' \/>\n<input type='hidden' name='exclude_category' value='' id='ewd-ufaq-exclude-category' \/>\n<input type='hidden' name='orderby' value='date' id='ewd-ufaq-orderby' \/>\n<input type='hidden' name='order' value='asc' id='ewd-ufaq-order' \/>\n<input type='hidden' name='post_count' value='-1' id='ewd-ufaq-post-count' \/>\n<input type='hidden' name='current_url' value='\/index.php\/wp-json\/wp\/v2\/ufaq\/3229' id='ewd-ufaq-current-url' \/>\n\t\n\t\n\t<div class='ewd-ufaq-faqs'>\n\n\t\t<div  class=\"ewd-ufaq-faq-div ewd-ufaq-faq-column-count-one ewd-ufaq-faq-responsive-columns- ewd-ufaq-faq-display-style-default ewd-ufaq-can-be-toggled\" id='ewd-ufaq-post-3229-o5V1vdWGw5' data-post_id='3229'>\n\n\t<div class='ewd-ufaq-faq-title ewd-ufaq-faq-toggle'>\n\t\n\t<a class='ewd-ufaq-post-margin'  href='#'>\n\n\t\t<div class='ewd-ufaq-post-margin-symbol ewd-ufaq-'>\n\t\t\t<span >A<\/span>\n\t\t<\/div>\n\n\t\t<div class='ewd-ufaq-faq-title-text'>\n\n\t\t\t<h4>\n\t\t\t\t\u00bfQu\u00e9 debo llevar al retiro?\t\t\t<\/h4>\n\n\t\t<\/div>\n\n\t\t<div class='ewd-ufaq-clear'><\/div>\n\n\t<\/a>\n\t\n<\/div>\n\t\n\t<div class='ewd-ufaq-faq-body ' >\n\n\t\t\n\t\t\t\n\t\t\n\t\t\t<div class='ewd-ufaq-post-margin ewd-ufaq-faq-post'>\n\t\n<p>Te recomendamos traer ropa c\u00f3moda, ba\u00f1ador\/bikini, chanclas, y toalla. Considera tambi\u00e9n ropa adecuada para las actividades al aire libre, dependiendo del clima.<\/p>\n\n\n\n<p>Papel y bol\u00edgrafo por si quieres tomar alguna nota.<\/p>\n\n\n\n<p>Adem\u00e1s, recomendamos traer una mente abierta y el deseo de explorar nuevas experiencias.<\/p>\n<\/div>\n\t\t\n\t\t\t\n\t\t\n\t\t\t\n\t\t\n\t\t\t\n\t\t\n\t\t\t\n\t\t\n\t\t\t\n\t\t\n\t\t\t\n\t\t\n\t\t\t\n\t\t\n\t\t\t\n\t\t\n\t<\/div>\n\n<\/div>\n\t<\/div>\n\n\t\n<\/div>","protected":false},"excerpt":{"rendered":"<p>A \u00bfQu\u00e9 debo llevar al retiro? Te recomendamos traer ropa c\u00f3moda, ba\u00f1ador\/bikini, chanclas, y toalla. Considera tambi\u00e9n ropa adecuada para las actividades al aire libre, dependiendo del clima. Papel y bol\u00edgrafo por si quieres tomar alguna nota. Adem\u00e1s, recomendamos traer&#8230;<\/p>\n","protected":false},"author":1,"comment_status":"open","ping_status":"closed","template":"","ufaq-category":[],"ufaq-tag":[],"jetpack_sharing_enabled":true,"_links":{"self":[{"href":"https:\/\/lacasadelperdon.com\/index.php\/wp-json\/wp\/v2\/ufaq\/3229"}],"collection":[{"href":"https:\/\/lacasadelperdon.com\/index.php\/wp-json\/wp\/v2\/ufaq"}],"about":[{"href":"https:\/\/lacasadelperdon.com\/index.php\/wp-json\/wp\/v2\/types\/ufaq"}],"author":[{"embeddable":true,"href":"https:\/\/lacasadelperdon.com\/index.php\/wp-json\/wp\/v2\/users\/1"}],"replies":[{"embeddable":true,"href":"https:\/\/lacasadelperdon.com\/index.php\/wp-json\/wp\/v2\/comments?post=3229"}],"wp:attachment":[{"href":"https:\/\/lacasadelperdon.com\/index.php\/wp-json\/wp\/v2\/media?parent=3229"}],"wp:term":[{"taxonomy":"ufaq-category","embeddable":true,"href":"https:\/\/lacasadelperdon.com\/index.php\/wp-json\/wp\/v2\/ufaq-category?post=3229"},{"taxonomy":"ufaq-tag","embeddable":true,"href":"https:\/\/lacasadelperdon.com\/index.php\/wp-json\/wp\/v2\/ufaq-tag?post=3229"}],"curies":[{"name":"wp","href":"https:\/\/api.w.org\/{rel}","templated":true}]}}